{"id":1090,"date":"2023-09-30T17:06:23","date_gmt":"2023-09-30T16:06:23","guid":{"rendered":"https:\/\/www.bogenfluesterer-ev.de\/?page_id=1090"},"modified":"2025-09-25T18:00:59","modified_gmt":"2025-09-25T17:00:59","slug":"training-neu","status":"publish","type":"page","link":"https:\/\/www.bogenfluesterer-ev.de\/?page_id=1090","title":{"rendered":"Training"},"content":{"rendered":"\n<h2 class=\"wp-block-heading\">Aktuell<\/h2>\n\n\n\n<p class=\"has-black-color has-text-color has-background has-link-color wp-elements-b929c4c58c642c730e88ea06cb86b428\" style=\"background:linear-gradient(90deg,rgb(249,235,235) 4%,rgb(194,235,220) 62%,rgb(122,221,228) 100%)\"><strong>Wichtig:<\/strong> Derzeit gibt es durch den Hallenneubau Kupfergasse vor\u00fcbergehende Ver\u00e4nderungen bei den Trainingsorten. Derzeit ist ausschlie\u00dflich das Training auf unserem Au\u00dfengel\u00e4nde m\u00f6glich! <br>Wir stehen aktuell intensiv mit der Stadt K\u00f6ln im Kontakt, um eine geeignete Ersatzturnhalle zu finden.  <\/p>\n\n\n\n<p style=\"font-style:normal;font-weight:600\">F\u00fcr aktuelle Trainingszeiten und Orte bitte stets die vereinsinterne WhatsApp-Gruppe &#8222;BoFlu Infogruppe&#8220; oder den <a href=\"https:\/\/www.bogenfluesterer-ev.de\/?page_id=143\" data-type=\"page\" data-id=\"143\" target=\"_blank\" rel=\"noreferrer noopener\">Vereinskalender<\/a> beobachten.<\/p>\n\n\n\n<p><strong>Eine Bitte:<\/strong> Um die Trainingszeit optimal ausnutzen und p\u00fcnktlich mit dem Training beginnen zu k\u00f6nnen, bitten wir die Teilnehmer des Jugend- und Erwachsenentrainings bereits 15 Minuten vor Trainingsbeginn zum Trainingsort zu kommen, um die B\u00f6gen in Ruhe aufbauen zu k\u00f6nnen.<\/p>\n\n\n\n<p>Informationen zum Stufenschie\u00dfen und zu Terminen von Sondertrainings\/Technikeinheiten finden sich <a rel=\"noreferrer noopener\" href=\"https:\/\/www.bogenfluesterer-ev.de\/?page_id=893\" data-type=\"page\" data-id=\"893\" target=\"_blank\">hier (Stufenschie\u00dfen)<\/a> und <a rel=\"noreferrer noopener\" href=\"https:\/\/www.bogenfluesterer-ev.de\/?page_id=886\" data-type=\"page\" data-id=\"886\" target=\"_blank\">hier (Termine)<\/a>. <\/p>\n\n\n\n<h2 class=\"wp-block-heading\" id=\"trainingszeiten\">Trainingszeiten<\/h2>\n\n\n\n<p class=\"has-small-font-size\">(Stand 16. Oktober 2023)<\/p>\n\n\n\n<h3 class=\"wp-block-heading\" id=\"ganzjahrig\">Ganzj\u00e4hrig (au\u00dferhalb Schulferien NRW)<\/h3>\n\n\n\n<figure class=\"wp-block-table is-style-stripes has-small-font-size\"><table><tbody><tr><td><strong>Wochentag<\/strong><\/td><td><strong>Uhrzeit<\/strong><\/td><td><strong>Trainingsgruppe<\/strong><\/td><td><strong>Trainingsort<\/strong> (*)<\/td><\/tr><tr><td><strong>Montags<\/strong><\/td><td>16.00 Uhr &#8211; 17.30 Uhr<\/td><td>Kinder<br>Training<\/td><td><a href=\"#Kupfergasse\">Halle Kupfergasse<\/a><\/td><\/tr><tr><td><strong>Montags<\/strong><\/td><td>17.30 Uhr &#8211; 19.00 Uhr<\/td><td>Jugend<br>Training<\/td><td><a href=\"#Kupfergasse\">Halle Kupfergasse<\/a><\/td><\/tr><tr><td><strong>Montags<\/strong><\/td><td>19.00 Uhr &#8211; 20.00 Uhr<\/td><td>Erwachsene<br>Training<\/td><td> <a href=\"#Kupfergasse\">Halle Kupfergasse<\/a><\/td><\/tr><tr><td><strong>Montags<\/strong><\/td><td>20.00 Uhr &#8211; max. 22.00 Uhr<\/td><td>Erwachsene<br>freies Schie\u00dfen<\/td><td><a href=\"#Kupfergasse\">Halle Kupfergasse<\/a><\/td><\/tr><tr><td><strong>Donnerstags<\/strong><\/td><td>20.00 Uhr &#8211; 22.00 Uhr<\/td><td>Sch\u00fctzen ab 16 Jahren<br>freies Schie\u00dfen<\/td><td><a href=\"#Lochgarten\"> <\/a><a href=\"#Kupfergasse\">Halle Kupfergasse<\/a><\/td><\/tr><tr><td><strong>anlassbezogen<br>Freitags<\/strong><\/td><td>17.00 Uhr &#8211; 19.00 Uhr<\/td><td>je nach Anlass<\/td><td><a href=\"#Lochgarten\"> <\/a><a href=\"#Kupfergasse\">Halle Kupfergasse<\/a> <\/td><\/tr><\/tbody><\/table><\/figure>\n\n\n\n<p class=\"has-small-font-size\">(*) Zwischen M\u00e4rz und Oktober ggf. Verlegung auf das <a href=\"https:\/\/www.bogenfluesterer-ev.de\/wp-admin\/post.php?post=519&amp;action=edit#Aussengelaende-Wahnheide\">Au\u00dfengel\u00e4nde Wahnheide<\/a> m\u00f6glich. Da dies zum Beispiel wetterabh\u00e4ngig auch kurzfristig geschieht, bitte die vereinsinterne WhatsApp-Gruppe &#8222;BoFlu Infogruppe&#8220; beachten. <\/p>\n\n\n\n<h3 class=\"wp-block-heading\" id=\"marz-bis-oktober-aussentermine\">M\u00e4rz bis Oktober (Au\u00dfentermine)<\/h3>\n\n\n\n<figure class=\"wp-block-table is-style-stripes has-small-font-size\"><table><tbody><tr><td><strong>Wochentag<\/strong><\/td><td><strong>Uhrzeit<\/strong><\/td><td><strong>Trainingsgruppe<\/strong><\/td><td><strong>Trainingsort<\/strong><\/td><\/tr><tr><td>Montags <br>(w\u00e4hrend der Ferienzeit)<\/td><td>18.00 Uhr &#8211; 20.00 Uhr(**) <\/td><td>alle Gruppen<\/td><td><a href=\"#Aussengelaende-Wahnheide\">Au\u00dfengel\u00e4nde Wahnheide<\/a><\/td><\/tr><tr><td>Donnerstags<br>(w\u00e4hrend der Ferienzeit)<\/td><td>19.00 Uhr &#8211; 21.00 Uhr(**)                         <\/td><td>alle Gruppen<\/td><td><a href=\"#Aussengelaende-Wahnheide\">Au\u00dfengel\u00e4nde Wahnheide<\/a><\/td><\/tr><tr><td>Samstags<\/td><td>11.00 Uhr &#8211; 13.00 Uhr<\/td><td>alle Gruppen<\/td><td><a href=\"#Aussengelaende-Wahnheide\">Au\u00dfengel\u00e4nde Wahnheide<\/a> <\/td><\/tr><\/tbody><\/table><\/figure>\n\n\n\n<p class=\"has-small-font-size\">(**) Das Schie\u00dfen endet sp\u00e4testens zum Sonnenuntergang (siehe unten). Wir starten ggf. eher, um den Schie\u00dfbetrieb f\u00fcr ca. zwei Stunden zu erm\u00f6glichen. <br><br>Die Termine auf dem Au\u00dfengel\u00e4nde sind auch immer witterungsabh\u00e4ngig. <br><br>Weitere Termine auf dem Au\u00dfengel\u00e4nde sind m\u00f6glich. Hierzu bitte auch die vereinsinterne WhatsApp-Gruppe &#8222;BoFlu  Infogruppe beachten&#8220;. <\/p>\n\n\n\n<h2 class=\"wp-block-heading\" id=\"trainingsorte\">Trainingsorte<\/h2>\n\n\n\n<h4 class=\"wp-block-heading\" id=\"Kupfergasse\">Halle Kupfergasse<\/h4>\n\n\n\n<p>Die Turnhalle befindet sich in der <strong>Kupfergasse 5-11, 51145 K\u00f6ln<\/strong>.<\/p>\n\n\n\n<iframe loading=\"lazy\" width=\"600\" height=\"450\" frameborder=\"0\" scrolling=\"no\" marginheight=\"0\" marginwidth=\"0\" src=\"https:\/\/www.openstreetmap.org\/export\/embed.html?bbox=7.079875767230988%2C50.878655404394614%2C7.083416283130646%2C50.88042221525753&amp;layer=mapnik&amp;marker=50.879538818200054%2C7.081646025180817\" style=\"border: 1px solid black\"><\/iframe><br><small><a href=\"https:\/\/www.openstreetmap.org\/?mlat=50.87954&amp;mlon=7.08165#map=19\/50.87954\/7.08165\">Gr\u00f6\u00dfere Karte anzeigen<\/a><\/small>\n\n\n\n<div style=\"height:32px\" aria-hidden=\"true\" class=\"wp-block-spacer\"><\/div>\n\n\n\n<h4 class=\"wp-block-heading\" id=\"Aussengelaende-Wahnheide\">Au\u00dfengel\u00e4nde Sch\u00fctzenstra\u00dfe Wahnheide<\/h4>\n\n\n<div class=\"wp-block-image\">\n<figure class=\"alignright size-large is-resized\"><img loading=\"lazy\" decoding=\"async\" width=\"1024\" height=\"636\" src=\"https:\/\/www.bogenfluesterer-ev.de\/wp-content\/uploads\/2023\/06\/352373374_758996899256397_2722685090314859395_n-1024x636.jpg\" alt=\"\" class=\"wp-image-1007\" style=\"width:349px;height:217px\" srcset=\"https:\/\/www.bogenfluesterer-ev.de\/wp-content\/uploads\/2023\/06\/352373374_758996899256397_2722685090314859395_n-1024x636.jpg 1024w, https:\/\/www.bogenfluesterer-ev.de\/wp-content\/uploads\/2023\/06\/352373374_758996899256397_2722685090314859395_n-300x186.jpg 300w, https:\/\/www.bogenfluesterer-ev.de\/wp-content\/uploads\/2023\/06\/352373374_758996899256397_2722685090314859395_n-768x477.jpg 768w, https:\/\/www.bogenfluesterer-ev.de\/wp-content\/uploads\/2023\/06\/352373374_758996899256397_2722685090314859395_n-1536x954.jpg 1536w, https:\/\/www.bogenfluesterer-ev.de\/wp-content\/uploads\/2023\/06\/352373374_758996899256397_2722685090314859395_n.jpg 2048w\" sizes=\"auto, (max-width: 767px) 89vw, (max-width: 1000px) 54vw, (max-width: 1071px) 543px, 580px\" \/><\/figure><\/div>\n\n\n<p>Das Au\u00dfengel\u00e4nde befindet sich in der <strong>Sch\u00fctzenstra\u00dfe, 51147 K\u00f6ln-Wahnheide (neben der Heideschule)<\/strong>. Parkpl\u00e4tze befinden sich auf und neben dem Gel\u00e4nde. <\/p>\n\n\n\n<iframe loading=\"lazy\" width=\"600\" height=\"450\" frameborder=\"0\" scrolling=\"no\" marginheight=\"0\" marginwidth=\"0\" src=\"https:\/\/www.openstreetmap.org\/export\/embed.html?bbox=7.095966339111329%2C50.85824760822346%2C7.103047370910645%2C50.86178271029253&amp;layer=mapnik&amp;marker=50.86022%2C7.09877\" style=\"border: 1px solid black\"><\/iframe><br\/><small><a href=\"https:\/\/www.openstreetmap.org\/#map=18\/50.86002\/7.09951\">Gr\u00f6\u00dfere Karte anzeigen<\/a><\/small>\n\n\n\n<div style=\"height:14px\" aria-hidden=\"true\" class=\"wp-block-spacer\"><\/div>\n\n\n\n<h4 class=\"wp-block-heading\">Wetter in Wahnheide<\/h4>\n\n\n\n<iframe width='100%' height='310' name='FC2' style='border:1px solid;border-radius:10px;border-color:transparent;' src='https:\/\/api.wetteronline.de\/wetterwidget?gid=10513&#038;modeid=FC2&#038;seourl=koeln\/wahnheide&#038;locationname=Wahnheide&#038;lang=de'><\/iframe>\n\n\n\n<div style=\"height:34px\" aria-hidden=\"true\" class=\"wp-block-spacer\"><\/div>\n\n\n\n<p>So sieht \u00fcbrigens das Wetter im <a rel=\"noreferrer noopener\" href=\"https:\/\/www.koeln-bonn-airport.de\/am-airport\/airport-webcam.html?nr=5&amp;cHash=3a4a8b15498510649202c0d4fc2798d0\" data-type=\"URL\" data-id=\"https:\/\/www.koeln-bonn-airport.de\/am-airport\/airport-webcam.html?nr=5&amp;cHash=3a4a8b15498510649202c0d4fc2798d0\" target=\"_blank\">Livebild<\/a> aus, welches das Vorfeld auf dem Flughafen K\u00f6ln\/Bonn nebenan zeigt. \ud83d\ude09 <\/p>\n\n\n\n<div style=\"height:32px\" aria-hidden=\"true\" class=\"wp-block-spacer\"><\/div>\n\n\n\n<h4 class=\"wp-block-heading\">Sonnenauf- und unterg\u00e4nge in Wahnheide<\/h4>\n\n\n\n<p>Das Schie\u00dfen auf dem Au\u00dfengel\u00e4nde ist lediglich zwischen Sonnenaufgang und Sonnenuntergang m\u00f6glich.<\/p>\n\n\n\n<iframe loading=\"lazy\" src=\"https:\/\/sonnenaufgang.online\/widget.php?newdb=true&#038;idcity=35834&#038;days=7&#038;text=054871\" scrolling=\"no\" width=\"100%\" height=\"251\" frameborder=\"0\"><\/iframe>\n\n\n\n<p><\/p>\n","protected":false},"excerpt":{"rendered":"<p>Aktuell Wichtig: Derzeit gibt es durch den Hallenneubau Kupfergasse vor\u00fcbergehende Ver\u00e4nderungen bei den Trainingsorten. Derzeit ist ausschlie\u00dflich das Training auf unserem Au\u00dfengel\u00e4nde m\u00f6glich! Wir stehen aktuell intensiv mit der Stadt K\u00f6ln im Kontakt, um eine geeignete Ersatzturnhalle zu finden. F\u00fcr aktuelle Trainingszeiten und Orte bitte stets die vereinsinterne WhatsApp-Gruppe &#8222;BoFlu Infogruppe&#8220; oder den Vereinskalender beobachten. &hellip; <\/p>\n<p class=\"link-more\"><a href=\"https:\/\/www.bogenfluesterer-ev.de\/?page_id=1090\" class=\"more-link\"><span class=\"screen-reader-text\">\u201eTraining\u201c<\/span> weiterlesen<\/a><\/p>\n","protected":false},"author":3,"featured_media":0,"parent":0,"menu_order":0,"comment_status":"closed","ping_status":"closed","template":"","meta":{"ngg_post_thumbnail":0,"footnotes":""},"class_list":["post-1090","page","type-page","status-publish","hentry"],"_links":{"self":[{"href":"https:\/\/www.bogenfluesterer-ev.de\/index.php?rest_route=\/wp\/v2\/pages\/1090","targetHints":{"allow":["GET"]}}],"collection":[{"href":"https:\/\/www.bogenfluesterer-ev.de\/index.php?rest_route=\/wp\/v2\/pages"}],"about":[{"href":"https:\/\/www.bogenfluesterer-ev.de\/index.php?rest_route=\/wp\/v2\/types\/page"}],"author":[{"embeddable":true,"href":"https:\/\/www.bogenfluesterer-ev.de\/index.php?rest_route=\/wp\/v2\/users\/3"}],"replies":[{"embeddable":true,"href":"https:\/\/www.bogenfluesterer-ev.de\/index.php?rest_route=%2Fwp%2Fv2%2Fcomments&post=1090"}],"version-history":[{"count":29,"href":"https:\/\/www.bogenfluesterer-ev.de\/index.php?rest_route=\/wp\/v2\/pages\/1090\/revisions"}],"predecessor-version":[{"id":1276,"href":"https:\/\/www.bogenfluesterer-ev.de\/index.php?rest_route=\/wp\/v2\/pages\/1090\/revisions\/1276"}],"wp:attachment":[{"href":"https:\/\/www.bogenfluesterer-ev.de\/index.php?rest_route=%2Fwp%2Fv2%2Fmedia&parent=1090"}],"curies":[{"name":"wp","href":"https:\/\/api.w.org\/{rel}","templated":true}]}}